{"id":3,"date":"2023-01-25T12:32:10","date_gmt":"2023-01-25T12:32:10","guid":{"rendered":"http:\/\/patriciaberenguer.com\/?page_id=3"},"modified":"2026-01-28T13:16:22","modified_gmt":"2026-01-28T13:16:22","slug":"politica-de-privacidad","status":"publish","type":"page","link":"https:\/\/patriciaberenguer.com\/en\/politica-de-privacidad\/","title":{"rendered":"POL\u00cdTICA DE PRIVACIDAD"},"content":{"rendered":"[et_pb_section fb_built=\u00bb1&#8243; admin_label=\u00bbsection\u00bb _builder_version=\u00bb4.27.5&#8243; hover_enabled=\u00bb0&#8243; global_colors_info=\u00bb{}\u00bb background_color=\u00bb#F7F2EF\u00bb sticky_enabled=\u00bb0&#8243;][et_pb_row admin_label=\u00bbrow\u00bb _builder_version=\u00bb4.27.5&#8243; background_size=\u00bbinitial\u00bb background_position=\u00bbtop_left\u00bb background_repeat=\u00bbrepeat\u00bb hover_enabled=\u00bb0&#8243; global_colors_info=\u00bb{}\u00bb custom_margin=\u00bb150px||||false|false\u00bb custom_margin_last_edited=\u00bbon|desktop\u00bb background_enable_color=\u00bboff\u00bb sticky_enabled=\u00bb0&#8243; custom_margin_phone=\u00bb160px||||false|false\u00bb width=\u00bb85%\u00bb custom_padding=\u00bb0px|||||\u00bb custom_margin_tablet=\u00bb150px||||false|false\u00bb][et_pb_column type=\u00bb4_4&#8243; _builder_version=\u00bb4.16&#8243; custom_padding=\u00bb|||\u00bb global_colors_info=\u00bb{}\u00bb custom_padding__hover=\u00bb|||\u00bb][et_pb_text admin_label=\u00bbText\u00bb _builder_version=\u00bb4.27.5&#8243; background_size=\u00bbinitial\u00bb background_position=\u00bbtop_left\u00bb background_repeat=\u00bbrepeat\u00bb hover_enabled=\u00bb0&#8243; global_colors_info=\u00bb{}\u00bb sticky_enabled=\u00bb0&#8243;]<p><\/p>\n<p><b>Responsable del tratamiento<\/b><\/p>\n<p><b>Responsable:<\/b><span style=\"font-weight: 400;\"> Patricia Berenguer<\/span><span style=\"font-weight: 400;\"><br \/><\/span><b>NIF:<\/b><span style=\"font-weight: 400;\"> 74723954J<\/span><span style=\"font-weight: 400;\"><br \/><\/span><b>Direcci\u00f3n:<\/b><span style=\"font-weight: 400;\"> Calle Cervantes, n\u00ba 104 \u2013 El Ejido \u2013 Almer\u00eda<\/span><span style=\"font-weight: 400;\"><br \/><\/span><b>Tel\u00e9fono:<\/b><span style=\"font-weight: 400;\"> 727 79 05 79<\/span><span style=\"font-weight: 400;\"><br \/><\/span><b>Email:<\/b><span style=\"font-weight: 400;\"> patberenguer.arq@gmail.com<\/span><\/p>\n<p><b>Datos personales tratados<\/b><\/p>\n<p><span style=\"font-weight: 400;\">Este sitio web <\/span><b>no dispone de formularios de contacto<\/b><span style=\"font-weight: 400;\">.<\/span><span style=\"font-weight: 400;\"><br \/><\/span><span style=\"font-weight: 400;\">Los datos personales se tratar\u00e1n \u00fanicamente cuando el usuario contacte de forma voluntaria mediante:<\/span><\/p>\n<ul>\n<li style=\"font-weight: 400;\" aria-level=\"1\"><span style=\"font-weight: 400;\">Llamada telef\u00f3nica<\/span><\/li>\n<li style=\"font-weight: 400;\" aria-level=\"1\"><span style=\"font-weight: 400;\">Correo electr\u00f3nico<\/span><\/li>\n<\/ul>\n<p><span style=\"font-weight: 400;\">Los datos que pueden tratarse son:<\/span><\/p>\n<ul>\n<li style=\"font-weight: 400;\" aria-level=\"1\"><span style=\"font-weight: 400;\">Nombre y apellidos<\/span><\/li>\n<li style=\"font-weight: 400;\" aria-level=\"1\"><span style=\"font-weight: 400;\">Tel\u00e9fono<\/span><\/li>\n<li style=\"font-weight: 400;\" aria-level=\"1\"><span style=\"font-weight: 400;\">Correo electr\u00f3nico<\/span><\/li>\n<li style=\"font-weight: 400;\" aria-level=\"1\"><span style=\"font-weight: 400;\">Informaci\u00f3n incluida en la consulta<\/span><\/li>\n<\/ul>\n<p><b>Finalidad del tratamiento<\/b><\/p>\n<p><span style=\"font-weight: 400;\">Los datos personales se tratar\u00e1n con la finalidad de:<\/span><\/p>\n<ul>\n<li style=\"font-weight: 400;\" aria-level=\"1\"><span style=\"font-weight: 400;\">Atender solicitudes de informaci\u00f3n.<\/span><\/li>\n<li style=\"font-weight: 400;\" aria-level=\"1\"><span style=\"font-weight: 400;\">Gestionar citas previas.<\/span><\/li>\n<li style=\"font-weight: 400;\" aria-level=\"1\"><span style=\"font-weight: 400;\">Mantener comunicaciones profesionales relacionadas con los servicios ofrecidos.<\/span><\/li>\n<\/ul>\n<p><b>Base legal del tratamiento<\/b><\/p>\n<p><span style=\"font-weight: 400;\">La base legal para el tratamiento de los datos es el <\/span><b>consentimiento del interesado<\/b><span style=\"font-weight: 400;\">, otorgado al contactar voluntariamente con la titular por tel\u00e9fono o correo electr\u00f3nico.<\/span><\/p>\n<p><b>Plazo de conservaci\u00f3n<\/b><\/p>\n<p><span style=\"font-weight: 400;\">Los datos personales se conservar\u00e1n \u00fanicamente durante el tiempo necesario para atender la consulta o gestionar la relaci\u00f3n profesional y, como m\u00e1ximo, durante <\/span><b>24 meses<\/b><span style=\"font-weight: 400;\">, salvo que exista una obligaci\u00f3n legal que exija su conservaci\u00f3n por un periodo superior.<\/span><\/p>\n<p><b>Destinatarios<\/b><\/p>\n<p><span style=\"font-weight: 400;\">No se ceder\u00e1n datos a terceros salvo obligaci\u00f3n legal.<\/span><span style=\"font-weight: 400;\"><br \/><\/span><span style=\"font-weight: 400;\">No se realizan transferencias internacionales de datos.<\/span><\/p>\n<p><b>Derechos del usuario<\/b><\/p>\n<p><span style=\"font-weight: 400;\">El interesado puede ejercer los siguientes derechos:<\/span><\/p>\n<ul>\n<li style=\"font-weight: 400;\" aria-level=\"1\"><span style=\"font-weight: 400;\">Acceso a sus datos personales<\/span><\/li>\n<li style=\"font-weight: 400;\" aria-level=\"1\"><span style=\"font-weight: 400;\">Rectificaci\u00f3n de datos inexactos<\/span><\/li>\n<li style=\"font-weight: 400;\" aria-level=\"1\"><span style=\"font-weight: 400;\">Supresi\u00f3n de sus datos<\/span><\/li>\n<li style=\"font-weight: 400;\" aria-level=\"1\"><span style=\"font-weight: 400;\">Oposici\u00f3n y limitaci\u00f3n del tratamiento<\/span><\/li>\n<li style=\"font-weight: 400;\" aria-level=\"1\"><span style=\"font-weight: 400;\">Retirada del consentimiento en cualquier momento<\/span><\/li>\n<\/ul>\n<p><span style=\"font-weight: 400;\">Para ejercer estos derechos puede enviar una solicitud al correo electr\u00f3nico:<\/span><span style=\"font-weight: 400;\"><br \/><\/span><b>patberenguer.arq@gmail.com<\/b><\/p>\n<p><span style=\"font-weight: 400;\">Asimismo, puede presentar una reclamaci\u00f3n ante la <\/span><b>Agencia Espa\u00f1ola de Protecci\u00f3n de Datos (<\/b><a href=\"about:blank\"><b>www.aepd.es<\/b><\/a><b>)<\/b><span style=\"font-weight: 400;\">.<\/span><\/p>\n<p><\/p>[\/et_pb_text][\/et_pb_column][\/et_pb_row][\/et_pb_section]","protected":false},"excerpt":{"rendered":"<p>Responsable del tratamiento Responsable: Patricia BerenguerNIF: 74723954JDirecci\u00f3n: Calle Cervantes, n\u00ba 104 \u2013 El Ejido \u2013 Almer\u00edaTel\u00e9fono: 727 79 05 79Email: patberenguer.arq@gmail.com Datos personales tratados Este sitio web no dispone de formularios de contacto.Los datos personales se tratar\u00e1n \u00fanicamente cuando el usuario contacte de forma voluntaria mediante: Llamada telef\u00f3nica Correo electr\u00f3nico Los datos que pueden tratarse [&hellip;]<\/p>","protected":false},"author":1,"featured_media":0,"parent":0,"menu_order":0,"comment_status":"closed","ping_status":"closed","template":"","meta":{"_et_pb_use_builder":"on","_et_pb_old_content":"<!-- wp:heading --><h2>Who we are<\/h2><!-- \/wp:heading --><!-- wp:paragraph --><p><strong class=\"privacy-policy-tutorial\">Suggested text: <\/strong>Our website address is: http:\/\/patriciaberenguer.com.<\/p><!-- \/wp:paragraph --><!-- wp:heading --><h2>Comments<\/h2><!-- \/wp:heading --><!-- wp:paragraph --><p><strong class=\"privacy-policy-tutorial\">Suggested text: <\/strong>When visitors leave comments on the site we collect the data shown in the comments form, and also the visitor&#8217;s IP address and browser user agent string to help spam detection.<\/p><!-- \/wp:paragraph --><!-- wp:paragraph --><p>An anonymized string created from your email address (also called a hash) may be provided to the Gravatar service to see if you are using it. The Gravatar service privacy policy is available here: https:\/\/automattic.com\/privacy\/. After approval of your comment, your profile picture is visible to the public in the context of your comment.<\/p><!-- \/wp:paragraph --><!-- wp:heading --><h2>Media<\/h2><!-- \/wp:heading --><!-- wp:paragraph --><p><strong class=\"privacy-policy-tutorial\">Suggested text: <\/strong>If you upload images to the website, you should avoid uploading images with embedded location data (EXIF GPS) included. Visitors to the website can download and extract any location data from images on the website.<\/p><!-- \/wp:paragraph --><!-- wp:heading --><h2>Cookies<\/h2><!-- \/wp:heading --><!-- wp:paragraph --><p><strong class=\"privacy-policy-tutorial\">Suggested text: <\/strong>If you leave a comment on our site you may opt-in to saving your name, email address and website in cookies. These are for your convenience so that you do not have to fill in your details again when you leave another comment. These cookies will last for one year.<\/p><!-- \/wp:paragraph --><!-- wp:paragraph --><p>If you visit our login page, we will set a temporary cookie to determine if your browser accepts cookies. This cookie contains no personal data and is discarded when you close your browser.<\/p><!-- \/wp:paragraph --><!-- wp:paragraph --><p>When you log in, we will also set up several cookies to save your login information and your screen display choices. Login cookies last for two days, and screen options cookies last for a year. If you select &quot;Remember Me&quot;, your login will persist for two weeks. If you log out of your account, the login cookies will be removed.<\/p><!-- \/wp:paragraph --><!-- wp:paragraph --><p>If you edit or publish an article, an additional cookie will be saved in your browser. This cookie includes no personal data and simply indicates the post ID of the article you just edited. It expires after 1 day.<\/p><!-- \/wp:paragraph --><!-- wp:heading --><h2>Embedded content from other websites<\/h2><!-- \/wp:heading --><!-- wp:paragraph --><p><strong class=\"privacy-policy-tutorial\">Suggested text: <\/strong>Articles on this site may include embedded content (e.g. videos, images, articles, etc.). Embedded content from other websites behaves in the exact same way as if the visitor has visited the other website.<\/p><!-- \/wp:paragraph --><!-- wp:paragraph --><p>These websites may collect data about you, use cookies, embed additional third-party tracking, and monitor your interaction with that embedded content, including tracking your interaction with the embedded content if you have an account and are logged in to that website.<\/p><!-- \/wp:paragraph --><!-- wp:heading --><h2>Who we share your data with<\/h2><!-- \/wp:heading --><!-- wp:paragraph --><p><strong class=\"privacy-policy-tutorial\">Suggested text: <\/strong>If you request a password reset, your IP address will be included in the reset email.<\/p><!-- \/wp:paragraph --><!-- wp:heading --><h2>How long we retain your data<\/h2><!-- \/wp:heading --><!-- wp:paragraph --><p><strong class=\"privacy-policy-tutorial\">Suggested text: <\/strong>If you leave a comment, the comment and its metadata are retained indefinitely. This is so we can recognize and approve any follow-up comments automatically instead of holding them in a moderation queue.<\/p><!-- \/wp:paragraph --><!-- wp:paragraph --><p>For users that register on our website (if any), we also store the personal information they provide in their user profile. All users can see, edit, or delete their personal information at any time (except they cannot change their username). Website administrators can also see and edit that information.<\/p><!-- \/wp:paragraph --><!-- wp:heading --><h2>What rights you have over your data<\/h2><!-- \/wp:heading --><!-- wp:paragraph --><p><strong class=\"privacy-policy-tutorial\">Suggested text: <\/strong>If you have an account on this site, or have left comments, you can request to receive an exported file of the personal data we hold about you, including any data you have provided to us. You can also request that we erase any personal data we hold about you. This does not include any data we are obliged to keep for administrative, legal, or security purposes.<\/p><!-- \/wp:paragraph --><!-- wp:heading --><h2>Where your data is sent<\/h2><!-- \/wp:heading --><!-- wp:paragraph --><p><strong class=\"privacy-policy-tutorial\">Suggested text: <\/strong>Visitor comments may be checked through an automated spam detection service.<\/p><!-- \/wp:paragraph -->","_et_gb_content_width":"","footnotes":""},"class_list":["post-3","page","type-page","status-publish","hentry"],"yoast_head":"<!-- This site is optimized with the Yoast SEO plugin v26.7 - https:\/\/yoast.com\/wordpress\/plugins\/seo\/ -->\n<title>POL\u00cdTICA DE PRIVACIDAD - Patricia Berenguer<\/title>\n<meta name=\"robots\" content=\"index, follow, max-snippet:-1, max-image-preview:large, max-video-preview:-1\" \/>\n<link rel=\"canonical\" href=\"https:\/\/patriciaberenguer.com\/en\/politica-de-privacidad\/\" \/>\n<meta property=\"og:locale\" content=\"en_GB\" \/>\n<meta property=\"og:type\" content=\"article\" \/>\n<meta property=\"og:title\" content=\"POL\u00cdTICA DE PRIVACIDAD - Patricia Berenguer\" \/>\n<meta property=\"og:description\" content=\"Responsable del tratamiento Responsable: Patricia BerenguerNIF: 74723954JDirecci\u00f3n: Calle Cervantes, n\u00ba 104 \u2013 El Ejido \u2013 Almer\u00edaTel\u00e9fono: 727 79 05 79Email: patberenguer.arq@gmail.com Datos personales tratados Este sitio web no dispone de formularios de contacto.Los datos personales se tratar\u00e1n \u00fanicamente cuando el usuario contacte de forma voluntaria mediante: Llamada telef\u00f3nica Correo electr\u00f3nico Los datos que pueden tratarse [&hellip;]\" \/>\n<meta property=\"og:url\" content=\"https:\/\/patriciaberenguer.com\/en\/politica-de-privacidad\/\" \/>\n<meta property=\"og:site_name\" content=\"Patricia Berenguer\" \/>\n<meta property=\"article:modified_time\" content=\"2026-01-28T13:16:22+00:00\" \/>\n<meta name=\"twitter:card\" content=\"summary_large_image\" \/>\n<meta name=\"twitter:label1\" content=\"Estimated reading time\" \/>\n\t<meta name=\"twitter:data1\" content=\"2 minutes\" \/>\n<script type=\"application\/ld+json\" class=\"yoast-schema-graph\">{\"@context\":\"https:\/\/schema.org\",\"@graph\":[{\"@type\":\"WebPage\",\"@id\":\"https:\/\/patriciaberenguer.com\/politica-de-privacidad\/\",\"url\":\"https:\/\/patriciaberenguer.com\/politica-de-privacidad\/\",\"name\":\"POL\u00cdTICA DE PRIVACIDAD - Patricia Berenguer\",\"isPartOf\":{\"@id\":\"https:\/\/patriciaberenguer.com\/#website\"},\"datePublished\":\"2023-01-25T12:32:10+00:00\",\"dateModified\":\"2026-01-28T13:16:22+00:00\",\"breadcrumb\":{\"@id\":\"https:\/\/patriciaberenguer.com\/politica-de-privacidad\/#breadcrumb\"},\"inLanguage\":\"en-GB\",\"potentialAction\":[{\"@type\":\"ReadAction\",\"target\":[\"https:\/\/patriciaberenguer.com\/politica-de-privacidad\/\"]}]},{\"@type\":\"BreadcrumbList\",\"@id\":\"https:\/\/patriciaberenguer.com\/politica-de-privacidad\/#breadcrumb\",\"itemListElement\":[{\"@type\":\"ListItem\",\"position\":1,\"name\":\"Portada\",\"item\":\"https:\/\/patriciaberenguer.com\/\"},{\"@type\":\"ListItem\",\"position\":2,\"name\":\"POL\u00cdTICA DE PRIVACIDAD\"}]},{\"@type\":\"WebSite\",\"@id\":\"https:\/\/patriciaberenguer.com\/#website\",\"url\":\"https:\/\/patriciaberenguer.com\/\",\"name\":\"Patricia Berenguer\",\"description\":\"Arquitecta &amp; Dise&ntilde;adora de Interiores en El Ejido\",\"publisher\":{\"@id\":\"https:\/\/patriciaberenguer.com\/#organization\"},\"potentialAction\":[{\"@type\":\"SearchAction\",\"target\":{\"@type\":\"EntryPoint\",\"urlTemplate\":\"https:\/\/patriciaberenguer.com\/?s={search_term_string}\"},\"query-input\":{\"@type\":\"PropertyValueSpecification\",\"valueRequired\":true,\"valueName\":\"search_term_string\"}}],\"inLanguage\":\"en-GB\"},{\"@type\":\"Organization\",\"@id\":\"https:\/\/patriciaberenguer.com\/#organization\",\"name\":\"Patricia Berenguer\",\"url\":\"https:\/\/patriciaberenguer.com\/\",\"logo\":{\"@type\":\"ImageObject\",\"inLanguage\":\"en-GB\",\"@id\":\"https:\/\/patriciaberenguer.com\/#\/schema\/logo\/image\/\",\"url\":\"https:\/\/patriciaberenguer.com\/wp-content\/uploads\/2025\/12\/LOGOS-02-scaled.png\",\"contentUrl\":\"https:\/\/patriciaberenguer.com\/wp-content\/uploads\/2025\/12\/LOGOS-02-scaled.png\",\"width\":2560,\"height\":1360,\"caption\":\"Patricia Berenguer\"},\"image\":{\"@id\":\"https:\/\/patriciaberenguer.com\/#\/schema\/logo\/image\/\"}}]}<\/script>\n<!-- \/ Yoast SEO plugin. -->","yoast_head_json":{"title":"POL\u00cdTICA DE PRIVACIDAD - Patricia Berenguer","robots":{"index":"index","follow":"follow","max-snippet":"max-snippet:-1","max-image-preview":"max-image-preview:large","max-video-preview":"max-video-preview:-1"},"canonical":"https:\/\/patriciaberenguer.com\/en\/politica-de-privacidad\/","og_locale":"en_GB","og_type":"article","og_title":"POL\u00cdTICA DE PRIVACIDAD - Patricia Berenguer","og_description":"Responsable del tratamiento Responsable: Patricia BerenguerNIF: 74723954JDirecci\u00f3n: Calle Cervantes, n\u00ba 104 \u2013 El Ejido \u2013 Almer\u00edaTel\u00e9fono: 727 79 05 79Email: patberenguer.arq@gmail.com Datos personales tratados Este sitio web no dispone de formularios de contacto.Los datos personales se tratar\u00e1n \u00fanicamente cuando el usuario contacte de forma voluntaria mediante: Llamada telef\u00f3nica Correo electr\u00f3nico Los datos que pueden tratarse [&hellip;]","og_url":"https:\/\/patriciaberenguer.com\/en\/politica-de-privacidad\/","og_site_name":"Patricia Berenguer","article_modified_time":"2026-01-28T13:16:22+00:00","twitter_card":"summary_large_image","twitter_misc":{"Estimated reading time":"2 minutes"},"schema":{"@context":"https:\/\/schema.org","@graph":[{"@type":"WebPage","@id":"https:\/\/patriciaberenguer.com\/politica-de-privacidad\/","url":"https:\/\/patriciaberenguer.com\/politica-de-privacidad\/","name":"POL\u00cdTICA DE PRIVACIDAD - Patricia Berenguer","isPartOf":{"@id":"https:\/\/patriciaberenguer.com\/#website"},"datePublished":"2023-01-25T12:32:10+00:00","dateModified":"2026-01-28T13:16:22+00:00","breadcrumb":{"@id":"https:\/\/patriciaberenguer.com\/politica-de-privacidad\/#breadcrumb"},"inLanguage":"en-GB","potentialAction":[{"@type":"ReadAction","target":["https:\/\/patriciaberenguer.com\/politica-de-privacidad\/"]}]},{"@type":"BreadcrumbList","@id":"https:\/\/patriciaberenguer.com\/politica-de-privacidad\/#breadcrumb","itemListElement":[{"@type":"ListItem","position":1,"name":"Portada","item":"https:\/\/patriciaberenguer.com\/"},{"@type":"ListItem","position":2,"name":"POL\u00cdTICA DE PRIVACIDAD"}]},{"@type":"WebSite","@id":"https:\/\/patriciaberenguer.com\/#website","url":"https:\/\/patriciaberenguer.com\/","name":"Patricia Berenguer","description":"Arquitecta &amp; Dise&ntilde;adora de Interiores en El Ejido","publisher":{"@id":"https:\/\/patriciaberenguer.com\/#organization"},"potentialAction":[{"@type":"SearchAction","target":{"@type":"EntryPoint","urlTemplate":"https:\/\/patriciaberenguer.com\/?s={search_term_string}"},"query-input":{"@type":"PropertyValueSpecification","valueRequired":true,"valueName":"search_term_string"}}],"inLanguage":"en-GB"},{"@type":"Organization","@id":"https:\/\/patriciaberenguer.com\/#organization","name":"Patricia Berenguer","url":"https:\/\/patriciaberenguer.com\/","logo":{"@type":"ImageObject","inLanguage":"en-GB","@id":"https:\/\/patriciaberenguer.com\/#\/schema\/logo\/image\/","url":"https:\/\/patriciaberenguer.com\/wp-content\/uploads\/2025\/12\/LOGOS-02-scaled.png","contentUrl":"https:\/\/patriciaberenguer.com\/wp-content\/uploads\/2025\/12\/LOGOS-02-scaled.png","width":2560,"height":1360,"caption":"Patricia Berenguer"},"image":{"@id":"https:\/\/patriciaberenguer.com\/#\/schema\/logo\/image\/"}}]}},"_links":{"self":[{"href":"https:\/\/patriciaberenguer.com\/en\/wp-json\/wp\/v2\/pages\/3","targetHints":{"allow":["GET"]}}],"collection":[{"href":"https:\/\/patriciaberenguer.com\/en\/wp-json\/wp\/v2\/pages"}],"about":[{"href":"https:\/\/patriciaberenguer.com\/en\/wp-json\/wp\/v2\/types\/page"}],"author":[{"embeddable":true,"href":"https:\/\/patriciaberenguer.com\/en\/wp-json\/wp\/v2\/users\/1"}],"replies":[{"embeddable":true,"href":"https:\/\/patriciaberenguer.com\/en\/wp-json\/wp\/v2\/comments?post=3"}],"version-history":[{"count":4,"href":"https:\/\/patriciaberenguer.com\/en\/wp-json\/wp\/v2\/pages\/3\/revisions"}],"predecessor-version":[{"id":365,"href":"https:\/\/patriciaberenguer.com\/en\/wp-json\/wp\/v2\/pages\/3\/revisions\/365"}],"wp:attachment":[{"href":"https:\/\/patriciaberenguer.com\/en\/wp-json\/wp\/v2\/media?parent=3"}],"curies":[{"name":"wp","href":"https:\/\/api.w.org\/{rel}","templated":true}]}}